{"id":86437,"date":"2022-07-04T18:36:59","date_gmt":"2022-07-04T23:36:59","guid":{"rendered":"https:\/\/defabrica.com.mx\/defabrica\/?post_type=product&#038;p=86437"},"modified":"2022-07-18T14:34:42","modified_gmt":"2022-07-18T19:34:42","slug":"bella-5-3-qt-freidora-de-conveccion-de-aire-digital-negro","status":"publish","type":"product","link":"https:\/\/defabrica.com.mx\/defabrica\/producto\/bella-5-3-qt-freidora-de-conveccion-de-aire-digital-negro\/","title":{"rendered":"Bella &#8211; 5.3 qt. Freidora de convecci\u00f3n de aire digital &#8211; Negro"},"content":{"rendered":"<div class=\"embedded-component-container lv product-description\">\n<div id=\"shop-product-description-40453676\" class=\"_none\" data-version=\"1.3.45\">\n<div class=\"shop-product-description\">\n<section class=\"align-heading-left\" data-reactroot=\"\">\n<div class=\"long-description-container body-copy \">\n<div class=\"html-fragment\">Asa comidas m\u00e1s saludables f\u00e1cilmente con este Bella negro de 5.3 qt. Freidora de convecci\u00f3n de aire digital. Los m\u00faltiples modos preestablecidos incluyen camarones, papas fritas y pasteles para mayor versatilidad, mientras que el control de temperatura ajustable proporciona una f\u00e1cil regulaci\u00f3n. Este 5.3-qt. La freidora de aire con pantalla t\u00e1ctil Bella acomoda grandes porciones de alimentos para que pueda cocinar para toda la familia, y la tecnolog\u00eda Circular calor garantiza resultados uniformes y crujientes.<\/div>\n<div>\u00a0 \u00a0 \u00a0 \u00a0 \u00a0 \u00a0 \u00a0 \u00a0 \u00a0 \u00a0 \u00a0 \u00a0 \u00a0 \u00a0 \u00a0 \u00a0 \u00a0 \u00a0 \u00a0 \u00a0 \u00a0 \u00a0 \u00a0 \u00a0 \u00a0 \u00a0 \u00a0 \u00a0 \u00a0 \u00a0 \u00a0 \u00a0 \u00a0 \u00a0 \u00a0 \u00a0 \u00a0 \u00a0 \u00a0 \u00a0 \u00a0 \u00a0 \u00a0 \u00a0 \u00a0 \u00a0 \u00a0 \u00a0 \u00a0 \u00a0 \u00a0 \u00a0 \u00a0 \u00a0 \u00a0 \u00a0 \u00a0 \u00a0 \u00a0 \u00a0 \u00a0 \u00a0 \u00a0 \u00a0 \u00a0 \u00a0 \u00a0 \u00a0 \u00a0 \u00a0 \u00a0 \u00a0 \u00a0 \u00a0 \u00a0 \u00a0 \u00a0 \u00a0 \u00a0 \u00a0 \u00a0 \u00a0 \u00a0 \u00a0 \u00a0 \u00a0 \u00a0 \u00a0 \u00a0 \u00a0 \u00a0 \u00a0 \u00a0 \u00a0 \u00a0 \u00a0 \u00a0 \u00a0 \u00a0 \u00a0 \u00a0 \u00a0 \u00a0 \u00a0 \u00a0 \u00a0 \u00a0 \u00a0 \u00a0 \u00a0 \u00a0 \u00a0 \u00a0 \u00a0 \u00a0 \u00a0 \u00a0 \u00a0 \u00a0 \u00a0 \u00a0 \u00a0 \u00a0 .<\/div>\n<\/div>\n<\/section>\n<\/div>\n<\/div>\n<\/div>\n<div><strong>Caracter\u00edsticas<\/strong><\/div>\n<div>\n<ul>\n<li><strong>Capacidad de 5.3 cuartos<\/strong><br \/>\nLe permite preparar hasta 2 kilos de comida a la vez.<\/li>\n<li><strong>Cesta para fre\u00edr apta para lavavajillas<\/strong><br \/>\nPara una f\u00e1cil limpieza.<\/li>\n<li><strong>Termostato regulable<\/strong><br \/>\nLe permite personalizar la temperatura para adaptarse a una variedad de recetas.<\/li>\n<li><strong>Controles electr\u00f3nicos y pantalla digital<\/strong><br \/>\nOfrezca una operaci\u00f3n f\u00e1cil.<\/li>\n<li><strong>Temporizador<\/strong><br \/>\nLe permite configurar y controlar el tiempo de cocci\u00f3n para garantizar resultados sabrosos.<\/li>\n<li><strong>1700W de potencia<\/strong><br \/>\nPara un rendimiento eficiente.<\/li>\n<\/ul>\n<\/div>\n","protected":false},"excerpt":{"rendered":"<p>Asa comidas m\u00e1s saludables f\u00e1cilmente con este Bella negro de 5.3 qt. Freidora de convecci\u00f3n de aire digital. Los m\u00faltiples modos preestablecidos incluyen camarones, papas fritas y pasteles para mayor<\/p>\n","protected":false},"featured_media":86442,"comment_status":"open","ping_status":"closed","template":"","meta":{"_acf_changed":false,"_joinchat":[]},"product_brand":[],"product_cat":[1522,336,337,338,950],"product_tag":[],"class_list":{"0":"post-86437","1":"product","2":"type-product","3":"status-publish","4":"has-post-thumbnail","6":"product_cat-ofertas-hogar","7":"product_cat-hogar","8":"product_cat-cocina","9":"product_cat-electrodomesticos","10":"product_cat-freidoras","12":"first","13":"instock","14":"sale","15":"shipping-taxable","16":"purchasable","17":"product-type-simple"},"acf":[],"_links":{"self":[{"href":"https:\/\/defabrica.com.mx\/defabrica\/wp-json\/wp\/v2\/product\/86437","targetHints":{"allow":["GET"]}}],"collection":[{"href":"https:\/\/defabrica.com.mx\/defabrica\/wp-json\/wp\/v2\/product"}],"about":[{"href":"https:\/\/defabrica.com.mx\/defabrica\/wp-json\/wp\/v2\/types\/product"}],"replies":[{"embeddable":true,"href":"https:\/\/defabrica.com.mx\/defabrica\/wp-json\/wp\/v2\/comments?post=86437"}],"wp:featuredmedia":[{"embeddable":true,"href":"https:\/\/defabrica.com.mx\/defabrica\/wp-json\/wp\/v2\/media\/86442"}],"wp:attachment":[{"href":"https:\/\/defabrica.com.mx\/defabrica\/wp-json\/wp\/v2\/media?parent=86437"}],"wp:term":[{"taxonomy":"product_brand","embeddable":true,"href":"https:\/\/defabrica.com.mx\/defabrica\/wp-json\/wp\/v2\/product_brand?post=86437"},{"taxonomy":"product_cat","embeddable":true,"href":"https:\/\/defabrica.com.mx\/defabrica\/wp-json\/wp\/v2\/product_cat?post=86437"},{"taxonomy":"product_tag","embeddable":true,"href":"https:\/\/defabrica.com.mx\/defabrica\/wp-json\/wp\/v2\/product_tag?post=86437"}],"curies":[{"name":"wp","href":"https:\/\/api.w.org\/{rel}","templated":true}]}}