{"id":86428,"date":"2022-07-04T18:04:16","date_gmt":"2022-07-04T23:04:16","guid":{"rendered":"https:\/\/defabrica.com.mx\/defabrica\/?post_type=product&#038;p=86428"},"modified":"2022-07-18T14:34:42","modified_gmt":"2022-07-18T19:34:42","slug":"bella-pro-series-6-5qt-digital-multi-cooker-con-freidora-de-aire-acero-inoxidable","status":"publish","type":"product","link":"https:\/\/defabrica.com.mx\/defabrica\/producto\/bella-pro-series-6-5qt-digital-multi-cooker-con-freidora-de-aire-acero-inoxidable\/","title":{"rendered":"Bella &#8211; Pro Series 6.5qt Digital Multi Cooker con freidora de aire &#8211; Acero inoxidable"},"content":{"rendered":"<div class=\"embedded-component-container lv product-description\">\n<div>\n<div id=\"shop-product-description-32241665\" class=\"_none\" data-version=\"1.3.45\">\n<div class=\"shop-product-description\">\n<section class=\"align-heading-left\" data-reactroot=\"\">\n<div class=\"long-description-container body-copy \">\n<div class=\"html-fragment\">Fre\u00edr papas, carnes y otros alimentos sin aceite con esta unidad combinada de fre\u00edr con aire BELLA Pro Series.\u00a0Una olla a presi\u00f3n integrada produce resultados r\u00e1pidos y las piezas extra\u00edbles aseguran que la limpieza sea sencilla, incluso en el lavavajillas.\u00a0Esta unidad combinada de fre\u00edr con aire BELLA Pro Series tiene una gran cantidad de configuraciones preprogramadas, incluida la cocci\u00f3n lenta, que le permiten cocinar una variedad de platos convenientemente.<\/div>\n<\/div>\n<\/section>\n<\/div>\n<\/div>\n<\/div>\n<\/div>\n<div class=\"embedded-component-container lv product-features\"><\/div>\n<div>\n<h3><\/h3>\n<h3 class=\"heading-5 v-fw-regular feature-heading\"><strong>Caracter\u00edsticas<\/strong><\/h3>\n<div class=\"list-row\">\n<ul>\n<li><strong>Olla a presi\u00f3n\/freidora de aire caliente<\/strong><br \/>\nSella al vapor para cocinar los alimentos r\u00e1pidamente mientras conserva los nutrientes y garantiza resultados sabrosos.<\/li>\n<li><strong>Olla de presi\u00f3n antiadherente de 6.5 cuartos con asas<\/strong><br \/>\nBrinda un amplio espacio para los ingredientes, por lo que puede preparar f\u00e1cilmente porciones grandes.<\/li>\n<li><strong>Dise\u00f1o de tapa \u00fanica que ahorra espacio con placas de cocci\u00f3n intercambiables<\/strong><br \/>\nOfrece los beneficios de cocinar a presi\u00f3n, fre\u00edr al aire en un aparato compacto.<\/li>\n<li><strong>Accesorios extra\u00edbles aptos para lavavajillas<\/strong><br \/>\nPara una f\u00e1cil limpieza.<\/li>\n<li><strong>Pantalla t\u00e1ctil digital con once funciones de cocci\u00f3n<\/strong><br \/>\nIncluye fre\u00edr al aire, cocinar a presi\u00f3n, cocinar a fuego lento, al vapor, cocinar arroz, asar, hornear, asar, saltear, deshidratar, yogur y recalentar.<\/li>\n<li><strong>Bot\u00f3n de liberaci\u00f3n de vapor<\/strong><br \/>\nPara mayor seguridad.<\/li>\n<li><strong>1500W de potencia<\/strong><br \/>\nPara un rendimiento r\u00e1pido y eficiente.<\/li>\n<li><strong>Recetas incluidas<\/strong><br \/>\nAyudarle a crear comidas deliciosas.<\/li>\n<\/ul>\n<\/div>\n<\/div>\n","protected":false},"excerpt":{"rendered":"<p>Fre\u00edr papas, carnes y otros alimentos sin aceite con esta unidad combinada de fre\u00edr con aire BELLA Pro Series.\u00a0Una olla a presi\u00f3n integrada produce resultados r\u00e1pidos y las piezas extra\u00edbles<\/p>\n","protected":false},"featured_media":86434,"comment_status":"open","ping_status":"closed","template":"","meta":{"_acf_changed":false,"_joinchat":[]},"product_brand":[],"product_cat":[1522,336,337,338,950],"product_tag":[],"class_list":{"0":"post-86428","1":"product","2":"type-product","3":"status-publish","4":"has-post-thumbnail","6":"product_cat-ofertas-hogar","7":"product_cat-hogar","8":"product_cat-cocina","9":"product_cat-electrodomesticos","10":"product_cat-freidoras","12":"first","13":"instock","14":"sale","15":"shipping-taxable","16":"purchasable","17":"product-type-simple"},"acf":[],"_links":{"self":[{"href":"https:\/\/defabrica.com.mx\/defabrica\/wp-json\/wp\/v2\/product\/86428","targetHints":{"allow":["GET"]}}],"collection":[{"href":"https:\/\/defabrica.com.mx\/defabrica\/wp-json\/wp\/v2\/product"}],"about":[{"href":"https:\/\/defabrica.com.mx\/defabrica\/wp-json\/wp\/v2\/types\/product"}],"replies":[{"embeddable":true,"href":"https:\/\/defabrica.com.mx\/defabrica\/wp-json\/wp\/v2\/comments?post=86428"}],"wp:featuredmedia":[{"embeddable":true,"href":"https:\/\/defabrica.com.mx\/defabrica\/wp-json\/wp\/v2\/media\/86434"}],"wp:attachment":[{"href":"https:\/\/defabrica.com.mx\/defabrica\/wp-json\/wp\/v2\/media?parent=86428"}],"wp:term":[{"taxonomy":"product_brand","embeddable":true,"href":"https:\/\/defabrica.com.mx\/defabrica\/wp-json\/wp\/v2\/product_brand?post=86428"},{"taxonomy":"product_cat","embeddable":true,"href":"https:\/\/defabrica.com.mx\/defabrica\/wp-json\/wp\/v2\/product_cat?post=86428"},{"taxonomy":"product_tag","embeddable":true,"href":"https:\/\/defabrica.com.mx\/defabrica\/wp-json\/wp\/v2\/product_tag?post=86428"}],"curies":[{"name":"wp","href":"https:\/\/api.w.org\/{rel}","templated":true}]}}